{"id":590,"date":"2020-11-20T17:19:28","date_gmt":"2020-11-20T17:19:28","guid":{"rendered":"https:\/\/dasgeniaal.be\/?page_id=590"},"modified":"2025-11-12T19:51:23","modified_gmt":"2025-11-12T19:51:23","slug":"onze-partners","status":"publish","type":"page","link":"https:\/\/dasgeniaal.be\/fr\/onze-partners\/","title":{"rendered":"Nos partenaires"},"content":{"rendered":"<div data-elementor-type=\"wp-page\" data-elementor-id=\"590\" class=\"elementor elementor-590\" data-elementor-settings=\"[]\">\n\t\t\t\t\t\t<div class=\"elementor-inner\">\n\t\t\t\t\t\t\t<div class=\"elementor-section-wrap\">\n\t\t\t\t\t\t\t<section class=\"elementor-section elementor-top-section elementor-element elementor-element-3478143b elementor-section-boxed elementor-section-height-default elementor-section-height-default\" data-id=\"3478143b\" data-element_type=\"section\" data-settings=\"{&quot;background_background&quot;:&quot;classic&quot;,&quot;shape_divider_bottom&quot;:&quot;opacity-fan&quot;}\">\n\t\t\t\t\t<div class=\"elementor-shape elementor-shape-bottom\" data-negative=\"false\">\n\t\t\t<svg xmlns=\"http:\/\/www.w3.org\/2000\/svg\" viewbox=\"0 0 283.5 19.6\" preserveaspectratio=\"none\">\n\t<path class=\"elementor-shape-fill\" style=\"opacity:0.33\" d=\"M0 0L0 18.8 141.8 4.1 283.5 18.8 283.5 0z\"\/>\n\t<path class=\"elementor-shape-fill\" style=\"opacity:0.33\" d=\"M0 0L0 12.6 141.8 4 283.5 12.6 283.5 0z\"\/>\n\t<path class=\"elementor-shape-fill\" style=\"opacity:0.33\" d=\"M0 0L0 6.4 141.8 4 283.5 6.4 283.5 0z\"\/>\n\t<path class=\"elementor-shape-fill\" d=\"M0 0L0 1.2 141.8 4 283.5 1.2 283.5 0z\"\/>\n<\/svg>\t\t<\/div>\n\t\t\t\t\t<div class=\"elementor-container elementor-column-gap-default\">\n\t\t\t\t\t\t\t<div class=\"elementor-row\">\n\t\t\t\t\t<div class=\"elementor-column elementor-col-100 elementor-top-column elementor-element elementor-element-2960fc06\" data-id=\"2960fc06\" data-element_type=\"column\">\n\t\t\t<div class=\"elementor-column-wrap elementor-element-populated\">\n\t\t\t\t\t\t\t<div class=\"elementor-widget-wrap\">\n\t\t\t\t\t\t<div class=\"elementor-element elementor-element-78e9de0f elementor-widget elementor-widget-heading\" data-id=\"78e9de0f\" data-element_type=\"widget\" data-widget_type=\"heading.default\">\n\t\t\t\t<div class=\"elementor-widget-container\">\n\t\t\t<h1 class=\"elementor-heading-title elementor-size-default\">Nos partenaires<\/h1>\t\t<\/div>\n\t\t\t\t<\/div>\n\t\t\t\t\t\t<\/div>\n\t\t\t\t\t<\/div>\n\t\t<\/div>\n\t\t\t\t\t\t\t\t<\/div>\n\t\t\t\t\t<\/div>\n\t\t<\/section>\n\t\t\t\t<section class=\"elementor-section elementor-top-section elementor-element elementor-element-3ce45c1 elementor-section-boxed elementor-section-height-default elementor-section-height-default\" data-id=\"3ce45c1\" data-element_type=\"section\" data-settings=\"{&quot;background_background&quot;:&quot;classic&quot;}\">\n\t\t\t\t\t\t<div class=\"elementor-container elementor-column-gap-default\">\n\t\t\t\t\t\t\t<div class=\"elementor-row\">\n\t\t\t\t\t<div class=\"elementor-column elementor-col-33 elementor-top-column elementor-element elementor-element-7cc81e3b\" data-id=\"7cc81e3b\" data-element_type=\"column\">\n\t\t\t<div class=\"elementor-column-wrap\">\n\t\t\t\t\t\t\t<div class=\"elementor-widget-wrap\">\n\t\t\t\t\t\t\t\t<\/div>\n\t\t\t\t\t<\/div>\n\t\t<\/div>\n\t\t\t\t<div class=\"elementor-column elementor-col-33 elementor-top-column elementor-element elementor-element-a591017\" data-id=\"a591017\" data-element_type=\"column\">\n\t\t\t<div class=\"elementor-column-wrap elementor-element-populated\">\n\t\t\t\t\t\t\t<div class=\"elementor-widget-wrap\">\n\t\t\t\t\t\t<div class=\"elementor-element elementor-element-031919e elementor-widget elementor-widget-accordion\" data-id=\"031919e\" data-element_type=\"widget\" data-widget_type=\"accordion.default\">\n\t\t\t\t<div class=\"elementor-widget-container\">\n\t\t\t\t\t<div class=\"elementor-accordion\" role=\"tablist\">\n\t\t\t\t\t\t\t<div class=\"elementor-accordion-item\">\n\t\t\t\t\t<div id=\"elementor-tab-title-3241\" class=\"elementor-tab-title\" data-tab=\"1\" role=\"tab\" aria-controls=\"elementor-tab-content-3241\">\n\t\t\t\t\t\t\t\t\t\t\t\t\t<span class=\"elementor-accordion-icon elementor-accordion-icon-left\" aria-hidden=\"true\">\n\t\t\t\t\t\t\t\t\t\t\t\t\t\t\t<span class=\"elementor-accordion-icon-closed\"><i class=\"fas fa-plus\"><\/i><\/span>\n\t\t\t\t\t\t\t\t<span class=\"elementor-accordion-icon-opened\"><i class=\"fas fa-minus\"><\/i><\/span>\n\t\t\t\t\t\t\t\t\t\t\t\t\t\t<\/span>\n\t\t\t\t\t\t\t\t\t\t\t\t<a class=\"elementor-accordion-title\" href=\"\">BASF<\/a>\n\t\t\t\t\t<\/div>\n\t\t\t\t\t<div id=\"elementor-tab-content-3241\" class=\"elementor-tab-content elementor-clearfix\" data-tab=\"1\" role=\"tabpanel\" aria-labelledby=\"elementor-tab-title-3241\"><p><!-- wp:paragraph --><\/p>\n<p>Il y a plus de 50 ans, BASF s'est implant\u00e9e dans le port d'Anvers. Le site est depuis devenu le plus grand centre de production int\u00e9gr\u00e9 de Belgique et le deuxi\u00e8me plus grand du groupe BASF dans le monde. Le site emploie quelque 3 300 salari\u00e9s et compte une cinquantaine d'installations de production. La gamme de produits de BASF Anvers comprend des produits chimiques de base et sp\u00e9cialis\u00e9s, des plastiques et des pr\u00e9-produits, des produits de finition et des produits anorganiques. Les produits de BASF Anvers sont \u00e9galement utilis\u00e9s dans presque tous les secteurs de transformation, tels que l'industrie automobile, le secteur de la construction, la production de papier, de maroquinerie et d'articles de sport, ainsi que les secteurs textile, alimentaire et pharmaceutique. Depuis ses ann\u00e9es de pionnier \u00e0 Anvers, BASF s'efforce de trouver un \u00e9quilibre entre les besoins \u00e9conomiques, \u00e9cologiques et sociaux de la soci\u00e9t\u00e9.<\/p>\n<p><!-- \/wp:paragraph --><!-- wp:paragraph --><\/p>\n<p>BASF est le plus grand acteur mondial dans le domaine de la chimie et cr\u00e9e des solutions innovantes pour le monde de demain gr\u00e2ce \u00e0 nos nombreux talents techniques, math\u00e9matiques et scientifiques. \u00c0 Anvers, nous employons 3 300 salari\u00e9s et nous sommes constamment \u00e0 la recherche de talents dans le domaine des STEM, malheureusement rares et pas encore suffisamment diversifi\u00e9s. C'est pourquoi nous sommes heureux de contribuer \u00e0 des initiatives qui inspirent et suscitent l\u2019int\u00e9r\u00eat des jeunes d\u00e8s leur plus jeune \u00e2ge pour les formations et les m\u00e9tiers dans le domaine des STEM. Le fait que le projet cible particuli\u00e8rement les filles et les jeunes de groupes d\u00e9favoris\u00e9s a \u00e9t\u00e9 une motivation suppl\u00e9mentaire pour nous de rejoindre cette coalition. Parce qu'en combinant nos forces et nos diff\u00e9rents points de vue, nous pouvons faire la diff\u00e9rence et construire une soci\u00e9t\u00e9 inclusive, aussi bien en classe que sur le lieu de travail !<\/p>\n<p><!-- \/wp:paragraph --><\/p><\/div>\n\t\t\t\t<\/div>\n\t\t\t\t\t\t\t<div class=\"elementor-accordion-item\">\n\t\t\t\t\t<div id=\"elementor-tab-title-3242\" class=\"elementor-tab-title\" data-tab=\"2\" role=\"tab\" aria-controls=\"elementor-tab-content-3242\">\n\t\t\t\t\t\t\t\t\t\t\t\t\t<span class=\"elementor-accordion-icon elementor-accordion-icon-left\" aria-hidden=\"true\">\n\t\t\t\t\t\t\t\t\t\t\t\t\t\t\t<span class=\"elementor-accordion-icon-closed\"><i class=\"fas fa-plus\"><\/i><\/span>\n\t\t\t\t\t\t\t\t<span class=\"elementor-accordion-icon-opened\"><i class=\"fas fa-minus\"><\/i><\/span>\n\t\t\t\t\t\t\t\t\t\t\t\t\t\t<\/span>\n\t\t\t\t\t\t\t\t\t\t\t\t<a class=\"elementor-accordion-title\" href=\"\">BELFIUS<\/a>\n\t\t\t\t\t<\/div>\n\t\t\t\t\t<div id=\"elementor-tab-content-3242\" class=\"elementor-tab-content elementor-clearfix\" data-tab=\"2\" role=\"tabpanel\" aria-labelledby=\"elementor-tab-title-3242\">Belfius est la seule banque et compagnie d'assurance int\u00e9gr\u00e9e qui soit 100% belge et pr\u00e9sente partout en Belgique. Elle offre une gamme compl\u00e8te de produits bancaires et d'assurance aux particuliers, aux petites et moyennes entreprises, aux institutions publiques, aux organisations \u00e0 but non lucratif et aux grandes entreprises.\n\nLe d\u00e9veloppement durable fait partie de notre ADN, de notre histoire et de notre raison d'\u00eatre : \"Significatif et inspirant pour la soci\u00e9t\u00e9 belge. Ensemble\". En utilisant notre raison d'\u00eatre comme une boussole, nous avons d\u00e9fini une strat\u00e9gie claire en mati\u00e8re de d\u00e9veloppement durable avec un objectif : inspirer nos clients \u00e0 r\u00e9aliser leurs ambitions en mati\u00e8re de d\u00e9veloppement durable et, ce faisant, cr\u00e9er, avec nos clients, l'impact le plus important possible. <\/div>\n\t\t\t\t<\/div>\n\t\t\t\t\t\t\t<div class=\"elementor-accordion-item\">\n\t\t\t\t\t<div id=\"elementor-tab-title-3243\" class=\"elementor-tab-title\" data-tab=\"3\" role=\"tab\" aria-controls=\"elementor-tab-content-3243\">\n\t\t\t\t\t\t\t\t\t\t\t\t\t<span class=\"elementor-accordion-icon elementor-accordion-icon-left\" aria-hidden=\"true\">\n\t\t\t\t\t\t\t\t\t\t\t\t\t\t\t<span class=\"elementor-accordion-icon-closed\"><i class=\"fas fa-plus\"><\/i><\/span>\n\t\t\t\t\t\t\t\t<span class=\"elementor-accordion-icon-opened\"><i class=\"fas fa-minus\"><\/i><\/span>\n\t\t\t\t\t\t\t\t\t\t\t\t\t\t<\/span>\n\t\t\t\t\t\t\t\t\t\t\t\t<a class=\"elementor-accordion-title\" href=\"\">Brightlab<\/a>\n\t\t\t\t\t<\/div>\n\t\t\t\t\t<div id=\"elementor-tab-content-3243\" class=\"elementor-tab-content elementor-clearfix\" data-tab=\"3\" role=\"tabpanel\" aria-labelledby=\"elementor-tab-title-3243\"><p><!-- wp:paragraph --><\/p>\n<p>Brightlab pr\u00e9pare les jeunes aux d\u00e9fis du 21e si\u00e8cle en stimulant une \u00e9ducation innovante des STEM. En tant que laboratoire d\u2019enseignement STEM nous offrons un large \u00e9ventail de formations STEM pour les enseignants et les \u00e9coles de l'enseignement primaire et secondaire. Nous travaillons avec des th\u00e8mes innovants et des environnements d'apprentissage puissants. Avec C'est G\u00e9nial, nous partageons la vision selon laquelle nous devons mettre plus de filles et de gar\u00e7ons en contact avec les STEM. Brightlab construit le pont entre les partenaires des STEM et le domaine de l'\u00e9ducation.<\/p>\n<p><!-- \/wp:paragraph --><\/p><\/div>\n\t\t\t\t<\/div>\n\t\t\t\t\t\t\t<div class=\"elementor-accordion-item\">\n\t\t\t\t\t<div id=\"elementor-tab-title-3244\" class=\"elementor-tab-title\" data-tab=\"4\" role=\"tab\" aria-controls=\"elementor-tab-content-3244\">\n\t\t\t\t\t\t\t\t\t\t\t\t\t<span class=\"elementor-accordion-icon elementor-accordion-icon-left\" aria-hidden=\"true\">\n\t\t\t\t\t\t\t\t\t\t\t\t\t\t\t<span class=\"elementor-accordion-icon-closed\"><i class=\"fas fa-plus\"><\/i><\/span>\n\t\t\t\t\t\t\t\t<span class=\"elementor-accordion-icon-opened\"><i class=\"fas fa-minus\"><\/i><\/span>\n\t\t\t\t\t\t\t\t\t\t\t\t\t\t<\/span>\n\t\t\t\t\t\t\t\t\t\t\t\t<a class=\"elementor-accordion-title\" href=\"\">Cercle Olympe<\/a>\n\t\t\t\t\t<\/div>\n\t\t\t\t\t<div id=\"elementor-tab-content-3244\" class=\"elementor-tab-content elementor-clearfix\" data-tab=\"4\" role=\"tabpanel\" aria-labelledby=\"elementor-tab-title-3244\"><p><!-- wp:paragraph --><\/p><p>Nous sommes le Cercle Olympe, un r\u00e9seau de femmes engag\u00e9es et responsables \u00e0 Bruxelles. Une des causes qui nous tient \u00e0 c\u0153ur est une meilleure repr\u00e9sentation des femmes dans les domaines de l'innovation et de la technologie. Dans ce cadre, nous souhaitons sp\u00e9cifiquement cibler les jeunes filles, encore trop peu nombreuses \u00e0 entreprendre des \u00e9tudes dans les domaines des Sciences, Technologies, Ing\u00e9nierie & Math\u00e9matiques (STIM) et \u00e0 se diriger vers ce type de carri\u00e8re. Pour faire bouger les choses, nous sommes partenaire & ambassadrice de C'est G\u00e9nial.<\/p><p><!-- \/wp:paragraph --><\/p><\/div>\n\t\t\t\t<\/div>\n\t\t\t\t\t\t\t<div class=\"elementor-accordion-item\">\n\t\t\t\t\t<div id=\"elementor-tab-title-3245\" class=\"elementor-tab-title\" data-tab=\"5\" role=\"tab\" aria-controls=\"elementor-tab-content-3245\">\n\t\t\t\t\t\t\t\t\t\t\t\t\t<span class=\"elementor-accordion-icon elementor-accordion-icon-left\" aria-hidden=\"true\">\n\t\t\t\t\t\t\t\t\t\t\t\t\t\t\t<span class=\"elementor-accordion-icon-closed\"><i class=\"fas fa-plus\"><\/i><\/span>\n\t\t\t\t\t\t\t\t<span class=\"elementor-accordion-icon-opened\"><i class=\"fas fa-minus\"><\/i><\/span>\n\t\t\t\t\t\t\t\t\t\t\t\t\t\t<\/span>\n\t\t\t\t\t\t\t\t\t\t\t\t<a class=\"elementor-accordion-title\" href=\"\">Digital Wallonia<\/a>\n\t\t\t\t\t<\/div>\n\t\t\t\t\t<div id=\"elementor-tab-content-3245\" class=\"elementor-tab-content elementor-clearfix\" data-tab=\"5\" role=\"tabpanel\" aria-labelledby=\"elementor-tab-title-3245\"><p><!-- wp:paragraph --><\/p><p>La plateforme Digital Wallonia est lieu de convergence et de diffusion pour le suivi des projets de la strat\u00e9gie num\u00e9rique et l'actualit\u00e9 du num\u00e9rique en Wallonie. <\/p><p><!-- \/wp:paragraph --><\/p><\/div>\n\t\t\t\t<\/div>\n\t\t\t\t\t\t\t<div class=\"elementor-accordion-item\">\n\t\t\t\t\t<div id=\"elementor-tab-title-3246\" class=\"elementor-tab-title\" data-tab=\"6\" role=\"tab\" aria-controls=\"elementor-tab-content-3246\">\n\t\t\t\t\t\t\t\t\t\t\t\t\t<span class=\"elementor-accordion-icon elementor-accordion-icon-left\" aria-hidden=\"true\">\n\t\t\t\t\t\t\t\t\t\t\t\t\t\t\t<span class=\"elementor-accordion-icon-closed\"><i class=\"fas fa-plus\"><\/i><\/span>\n\t\t\t\t\t\t\t\t<span class=\"elementor-accordion-icon-opened\"><i class=\"fas fa-minus\"><\/i><\/span>\n\t\t\t\t\t\t\t\t\t\t\t\t\t\t<\/span>\n\t\t\t\t\t\t\t\t\t\t\t\t<a class=\"elementor-accordion-title\" href=\"\">ExxonMobil<\/a>\n\t\t\t\t\t<\/div>\n\t\t\t\t\t<div id=\"elementor-tab-content-3246\" class=\"elementor-tab-content elementor-clearfix\" data-tab=\"6\" role=\"tabpanel\" aria-labelledby=\"elementor-tab-title-3246\"><p>ExxonMobil, l'une des plus grandes soci\u00e9t\u00e9s p\u00e9troli\u00e8res et gazi\u00e8res internationales cot\u00e9es en bourse, utilise la technologie et l'innovation pour r\u00e9pondre \u00e0 la demande mondiale croissante d'\u00e9nergie. Nous disposons d'un stock de ressources \u00e9nerg\u00e9tiques de premier plan et sommes l'un des plus grands raffineurs int\u00e9gr\u00e9s, vendeurs de produits p\u00e9troliers et fabricants de produits chimiques au monde. En Belgique, ExxonMobil poss\u00e8de une raffinerie et deux usines chimiques situ\u00e9es dans la zone portuaire d'Anvers. \u00c0 Bruxelles (Machelen), abrite le si\u00e8ge r\u00e9gional pour l'Europe, l'Afrique et le Moyen-Orient, ainsi que le Centre europ\u00e9en de technologie pour la recherche et le d\u00e9veloppement.<\/p><\/div>\n\t\t\t\t<\/div>\n\t\t\t\t\t\t\t<div class=\"elementor-accordion-item\">\n\t\t\t\t\t<div id=\"elementor-tab-title-3247\" class=\"elementor-tab-title\" data-tab=\"7\" role=\"tab\" aria-controls=\"elementor-tab-content-3247\">\n\t\t\t\t\t\t\t\t\t\t\t\t\t<span class=\"elementor-accordion-icon elementor-accordion-icon-left\" aria-hidden=\"true\">\n\t\t\t\t\t\t\t\t\t\t\t\t\t\t\t<span class=\"elementor-accordion-icon-closed\"><i class=\"fas fa-plus\"><\/i><\/span>\n\t\t\t\t\t\t\t\t<span class=\"elementor-accordion-icon-opened\"><i class=\"fas fa-minus\"><\/i><\/span>\n\t\t\t\t\t\t\t\t\t\t\t\t\t\t<\/span>\n\t\t\t\t\t\t\t\t\t\t\t\t<a class=\"elementor-accordion-title\" href=\"\">FABI<\/a>\n\t\t\t\t\t<\/div>\n\t\t\t\t\t<div id=\"elementor-tab-content-3247\" class=\"elementor-tab-content elementor-clearfix\" data-tab=\"7\" role=\"tabpanel\" aria-labelledby=\"elementor-tab-title-3247\"><p>La F\u00e9d\u00e9ration Royale d'Associations Belges d'Ing\u00e9nieurs Civils, d'Ing\u00e9nieurs Agronomes et de Bioing\u00e9nieurs f\u00e9d\u00e8re les ing\u00e9nieurs civils, les ing\u00e9nieurs agronomes et les bioing\u00e9nieurs, dipl\u00f4m\u00e9s dans les universit\u00e9s francophones du pays. Elle s'attache \u00e0 promouvoir le m\u00e9tier d'ing\u00e9nieur, \u00e0 d\u00e9fendre ses int\u00e9r\u00eats professionnels et \u00e0 d\u00e9velopper et d\u00e9finir l'\u00e9thique de la profession d'ing\u00e9nieur.\n\nLa FABI r\u00e9unit 6 associations d'ing\u00e9nieurs issus des grandes institutions universitaires francophones (Universit\u00e9 Libre de Bruxelles, Universit\u00e9 de Li\u00e8ge, Ecole Royale Militaire, Universit\u00e9 de Mons).\n\nElle assiste les ing\u00e9nieurs dans leur environnement de travail. En mati\u00e8re de r\u00e9mun\u00e9ration, la FABI \u00e9met une recommandation annuelle de r\u00e9mun\u00e9ration de d\u00e9but de carri\u00e8re de l'ing\u00e9nieur et r\u00e9alise une enqu\u00eate tous les deux ans. Un service de conseil juridique est \u00e0 la disposition des membres dans le domaine de la l\u00e9gislation du travail.<\/p><\/div>\n\t\t\t\t<\/div>\n\t\t\t\t\t\t\t<div class=\"elementor-accordion-item\">\n\t\t\t\t\t<div id=\"elementor-tab-title-3248\" class=\"elementor-tab-title\" data-tab=\"8\" role=\"tab\" aria-controls=\"elementor-tab-content-3248\">\n\t\t\t\t\t\t\t\t\t\t\t\t\t<span class=\"elementor-accordion-icon elementor-accordion-icon-left\" aria-hidden=\"true\">\n\t\t\t\t\t\t\t\t\t\t\t\t\t\t\t<span class=\"elementor-accordion-icon-closed\"><i class=\"fas fa-plus\"><\/i><\/span>\n\t\t\t\t\t\t\t\t<span class=\"elementor-accordion-icon-opened\"><i class=\"fas fa-minus\"><\/i><\/span>\n\t\t\t\t\t\t\t\t\t\t\t\t\t\t<\/span>\n\t\t\t\t\t\t\t\t\t\t\t\t<a class=\"elementor-accordion-title\" href=\"\">Glassroots<\/a>\n\t\t\t\t\t<\/div>\n\t\t\t\t\t<div id=\"elementor-tab-content-3248\" class=\"elementor-tab-content elementor-clearfix\" data-tab=\"8\" role=\"tabpanel\" aria-labelledby=\"elementor-tab-title-3248\">Dans le projet \u201cDa\u2019s Geniaal\/C\u2019est G\u00e9nial\u201d Glassroots est la force motrice de la coalition entre toutes les parties prenantes: entreprises et organisations. Glassroots accompagne cette coalition pendant tout le processus et ce pendant plusieurs ann\u00e9es. Non seulement nous approchons les diff\u00e9rents partenaires qui participent au processus, mais nous nous occupons \u00e9galement de la co-cr\u00e9ation de la vision et m\u00eame de la mise en \u0153uvre des programmes pour s\u2019assurer que plus de jeunes - et tr\u00e8s particuli\u00e8rement les filles - s\u2019int\u00e9ressent aux directions STEM. Glassroots fait en sorte que tout le monde soit align\u00e9 et travaille ensemble pour atteindre l\u2019objectif.\n\n\u201cIn sameness we connect, in differences we grow.\u201d<\/div>\n\t\t\t\t<\/div>\n\t\t\t\t\t\t\t<div class=\"elementor-accordion-item\">\n\t\t\t\t\t<div id=\"elementor-tab-title-3249\" class=\"elementor-tab-title\" data-tab=\"9\" role=\"tab\" aria-controls=\"elementor-tab-content-3249\">\n\t\t\t\t\t\t\t\t\t\t\t\t\t<span class=\"elementor-accordion-icon elementor-accordion-icon-left\" aria-hidden=\"true\">\n\t\t\t\t\t\t\t\t\t\t\t\t\t\t\t<span class=\"elementor-accordion-icon-closed\"><i class=\"fas fa-plus\"><\/i><\/span>\n\t\t\t\t\t\t\t\t<span class=\"elementor-accordion-icon-opened\"><i class=\"fas fa-minus\"><\/i><\/span>\n\t\t\t\t\t\t\t\t\t\t\t\t\t\t<\/span>\n\t\t\t\t\t\t\t\t\t\t\t\t<a class=\"elementor-accordion-title\" href=\"\">Havenwereld<\/a>\n\t\t\t\t\t<\/div>\n\t\t\t\t\t<div id=\"elementor-tab-content-3249\" class=\"elementor-tab-content elementor-clearfix\" data-tab=\"9\" role=\"tabpanel\" aria-labelledby=\"elementor-tab-title-3249\"><p>Havenwereld invite les jeunes et les visiteurs \u00e0 d\u00e9couvrir \u00e0 quel point notre port est fascinant, innovant et plein de diversit\u00e9. Notre objectif est de susciter l\u2019enthousiasme des jeunes et de les sensibiliser aux nombreuses opportunit\u00e9s que le port peut offrir : un lieu riche en perspectives d\u2019avenir, tant sur le plan personnel que soci\u00e9tal.<\/p>\n<p><span style=\"font-size: 1rem;\">En leur faisant d\u00e9couvrir les technologies, la logistique et l\u2019innovation qui se cachent derri\u00e8re les coulisses du port, nous les aidons \u00e0 r\u00e9v\u00e9ler leurs talents et les encourageons \u00e0 envisager une carri\u00e8re dans le monde portuaire, que ce soit \u00e0 travers leur choix d\u2019\u00e9tudes, leur formation ou leur premier emploi. Parall\u00e8lement, Havenwereld s\u2019attache \u00e0 renforcer l\u2019image positive du port, en le pr\u00e9sentant comme un acteur dynamique du progr\u00e8s et du lien social.<\/span><\/p>\n<p><span style=\"font-size: 1rem;\">Dans la deuxi\u00e8me moiti\u00e9 de 2026, le centre d\u2019exp\u00e9rience Havenwereld ouvrira officiellement ses portes. Les visiteurs y d\u00e9couvriront une vision r\u00e9aliste, inspirante et immersive du port d\u2019aujourd\u2019hui et de demain. Ensemble, nous contribuons ainsi \u00e0 renforcer le soutien soci\u00e9tal autour du port, moteur d\u2019innovation et de d\u00e9veloppement durable.<\/span><\/p>\n<p>D\u00e8s aujourd\u2019hui, nous mettons cette mission en pratique gr\u00e2ce \u00e0 un programme \u00e9ducatif complet, qui permet aux \u00e9l\u00e8ves du primaire, aux \u00e9tudiants du secondaire et du sup\u00e9rieur, ainsi qu\u2019\u00e0 l\u2019enseignement pour adultes, de d\u00e9couvrir le port \u00e0 travers des activit\u00e9s STEM interactives, des ateliers pratiques et des exp\u00e9riences inspirantes.<\/p>\n<p>Ensemble, nous formons une g\u00e9n\u00e9ration qui ne se contente pas de conna\u00eetre le port, mais qui y voit aussi son avenir.<\/p><\/div>\n\t\t\t\t<\/div>\n\t\t\t\t\t\t\t<div class=\"elementor-accordion-item\">\n\t\t\t\t\t<div id=\"elementor-tab-title-32410\" class=\"elementor-tab-title\" data-tab=\"10\" role=\"tab\" aria-controls=\"elementor-tab-content-32410\">\n\t\t\t\t\t\t\t\t\t\t\t\t\t<span class=\"elementor-accordion-icon elementor-accordion-icon-left\" aria-hidden=\"true\">\n\t\t\t\t\t\t\t\t\t\t\t\t\t\t\t<span class=\"elementor-accordion-icon-closed\"><i class=\"fas fa-plus\"><\/i><\/span>\n\t\t\t\t\t\t\t\t<span class=\"elementor-accordion-icon-opened\"><i class=\"fas fa-minus\"><\/i><\/span>\n\t\t\t\t\t\t\t\t\t\t\t\t\t\t<\/span>\n\t\t\t\t\t\t\t\t\t\t\t\t<a class=\"elementor-accordion-title\" href=\"\">ELIA<\/a>\n\t\t\t\t\t<\/div>\n\t\t\t\t\t<div id=\"elementor-tab-content-32410\" class=\"elementor-tab-content elementor-clearfix\" data-tab=\"10\" role=\"tabpanel\" aria-labelledby=\"elementor-tab-title-32410\"><p>Elia joue un r\u00f4le essentiel pour la collectivit\u00e9 en transportant l\u2019\u00e9lectricit\u00e9 des producteurs vers les r\u00e9seaux de distribution, afin que celle-ci puisse ensuite \u00eatre achemin\u00e9e vers chaque consommateur. Il s\u2019agit d\u2019une mission-cl\u00e9 pour l\u2019\u00e9conomie \u00e9galement puisque notre r\u00e9seau alimente directement les grandes entreprises qui y sont raccord\u00e9es. Lors de la r\u00e9alisation de nos projets, nous adoptons une gestion proactive des parties prenantes: nous entamons une communication bilat\u00e9rale avec tous les acteurs concern\u00e9s d\u00e8s le d\u00e9but du processus. Nous mettons \u00e9galement notre expertise \u00e0 disposition du secteur pour construire le syst\u00e8me \u00e9nerg\u00e9tique de demain. <a href=\"http:\/\/www.elia.be\">www.elia.be<\/a><\/p><\/div>\n\t\t\t\t<\/div>\n\t\t\t\t\t\t\t<div class=\"elementor-accordion-item\">\n\t\t\t\t\t<div id=\"elementor-tab-title-32411\" class=\"elementor-tab-title\" data-tab=\"11\" role=\"tab\" aria-controls=\"elementor-tab-content-32411\">\n\t\t\t\t\t\t\t\t\t\t\t\t\t<span class=\"elementor-accordion-icon elementor-accordion-icon-left\" aria-hidden=\"true\">\n\t\t\t\t\t\t\t\t\t\t\t\t\t\t\t<span class=\"elementor-accordion-icon-closed\"><i class=\"fas fa-plus\"><\/i><\/span>\n\t\t\t\t\t\t\t\t<span class=\"elementor-accordion-icon-opened\"><i class=\"fas fa-minus\"><\/i><\/span>\n\t\t\t\t\t\t\t\t\t\t\t\t\t\t<\/span>\n\t\t\t\t\t\t\t\t\t\t\t\t<a class=\"elementor-accordion-title\" href=\"\">Ie-net<\/a>\n\t\t\t\t\t<\/div>\n\t\t\t\t\t<div id=\"elementor-tab-content-32411\" class=\"elementor-tab-content elementor-clearfix\" data-tab=\"11\" role=\"tabpanel\" aria-labelledby=\"elementor-tab-title-32411\"><p>Ie-net est le point de contact entre les ing\u00e9nieurs, les entreprises, le gouvernement et les institutions de formation. Il s'agit d'un r\u00e9seau dynamique pour les ing\u00e9nieurs civils, les bio-ing\u00e9nieurs et les ing\u00e9nieurs industriels en Flandre et \u00e0 Bruxelles. Ie-net soutient les ing\u00e9nieurs dans le domaine de la formation et du networking , et les accompagne \u00e0 chaque carrefour de leur carri\u00e8re.<\/p><\/div>\n\t\t\t\t<\/div>\n\t\t\t\t\t\t\t<div class=\"elementor-accordion-item\">\n\t\t\t\t\t<div id=\"elementor-tab-title-32412\" class=\"elementor-tab-title\" data-tab=\"12\" role=\"tab\" aria-controls=\"elementor-tab-content-32412\">\n\t\t\t\t\t\t\t\t\t\t\t\t\t<span class=\"elementor-accordion-icon elementor-accordion-icon-left\" aria-hidden=\"true\">\n\t\t\t\t\t\t\t\t\t\t\t\t\t\t\t<span class=\"elementor-accordion-icon-closed\"><i class=\"fas fa-plus\"><\/i><\/span>\n\t\t\t\t\t\t\t\t<span class=\"elementor-accordion-icon-opened\"><i class=\"fas fa-minus\"><\/i><\/span>\n\t\t\t\t\t\t\t\t\t\t\t\t\t\t<\/span>\n\t\t\t\t\t\t\t\t\t\t\t\t<a class=\"elementor-accordion-title\" href=\"\">Inspiring Fifty<\/a>\n\t\t\t\t\t<\/div>\n\t\t\t\t\t<div id=\"elementor-tab-content-32412\" class=\"elementor-tab-content elementor-clearfix\" data-tab=\"12\" role=\"tabpanel\" aria-labelledby=\"elementor-tab-title-32412\">Inspiring Fifty est une initiative, organis\u00e9e depuis 2013 par le r\u00e9seau EQL:HER, dont le but est de promouvoir, dans chaque pays participant, cinquante femmes qui se sont particuli\u00e8rement distingu\u00e9es dans les secteurs de la science, technologie, ing\u00e9nierie et math\u00e9matiques (STEM). Figurer sur la liste des cinquante femmes inspirantes est non seulement une reconnaissance pour les femmes, entrepreneures, managers, professeures d'universit\u00e9, chercheuses et repr\u00e9sentantes d'institutions, mais aussi et surtout une r\u00e9f\u00e9rence, un mod\u00e8le pour les nouvelles g\u00e9n\u00e9rations. L'objectif de l\u2019initiative est d'encourager les femmes \u00e0 occuper des postes \u00e0 responsabilit\u00e9 dans des secteurs technologiques, o\u00f9 elles sont traditionnellement sous-repr\u00e9sent\u00e9es et y accro\u00eetre la diversit\u00e9.\n<\/div>\n\t\t\t\t<\/div>\n\t\t\t\t\t\t\t<div class=\"elementor-accordion-item\">\n\t\t\t\t\t<div id=\"elementor-tab-title-32413\" class=\"elementor-tab-title\" data-tab=\"13\" role=\"tab\" aria-controls=\"elementor-tab-content-32413\">\n\t\t\t\t\t\t\t\t\t\t\t\t\t<span class=\"elementor-accordion-icon elementor-accordion-icon-left\" aria-hidden=\"true\">\n\t\t\t\t\t\t\t\t\t\t\t\t\t\t\t<span class=\"elementor-accordion-icon-closed\"><i class=\"fas fa-plus\"><\/i><\/span>\n\t\t\t\t\t\t\t\t<span class=\"elementor-accordion-icon-opened\"><i class=\"fas fa-minus\"><\/i><\/span>\n\t\t\t\t\t\t\t\t\t\t\t\t\t\t<\/span>\n\t\t\t\t\t\t\t\t\t\t\t\t<a class=\"elementor-accordion-title\" href=\"\">Johnson & Johnson<\/a>\n\t\t\t\t\t<\/div>\n\t\t\t\t\t<div id=\"elementor-tab-content-32413\" class=\"elementor-tab-content elementor-clearfix\" data-tab=\"13\" role=\"tabpanel\" aria-labelledby=\"elementor-tab-title-32413\"><p><!-- wp:paragraph --><\/p>\n<p>En tant qu\u2019entreprise de sant\u00e9 la plus grande et la plus largement diversifi\u00e9e au monde, Johnson & Johnson s'est engag\u00e9 \u00e0 tirer parti de sa port\u00e9e et de son envergure pour r\u00e9pondre aux besoins les plus importants dans le monde entier. \nAvec plus de 5 000 employ\u00e9s en Belgique, nous nous engageons quotidiennement \u00e0 offrir un meilleur avenir aux patients du monde entier. Nous le faisons en luttant contre la maladie par la recherche scientifique, en am\u00e9liorant l'acc\u00e8s aux m\u00e9dicaments et en travaillant dur pour g\u00e9n\u00e9rer de l'espoir.<\/p>\n<p>Avec le projet Da's Geniaal, nous esp\u00e9rons inspirer les jeunes filles \u00e0 choisir les sciences, la technologie, l'ing\u00e9nierie, les math\u00e9matiques, la fabrication ou le design comme \u00e9tude. Nous travaillons avec diff\u00e9rents partenaires pour d\u00e9velopper et mettre en \u0153uvre un programme d'acc\u00e9l\u00e9ration. Le projet en Belgique est un projet pilote et peut, lorsque les r\u00e9sultats sont positifs, servir de mod\u00e8le pour d'autres pays.<\/p>\n<p><!-- \/wp:paragraph --><\/p><\/div>\n\t\t\t\t<\/div>\n\t\t\t\t\t\t\t<div class=\"elementor-accordion-item\">\n\t\t\t\t\t<div id=\"elementor-tab-title-32414\" class=\"elementor-tab-title\" data-tab=\"14\" role=\"tab\" aria-controls=\"elementor-tab-content-32414\">\n\t\t\t\t\t\t\t\t\t\t\t\t\t<span class=\"elementor-accordion-icon elementor-accordion-icon-left\" aria-hidden=\"true\">\n\t\t\t\t\t\t\t\t\t\t\t\t\t\t\t<span class=\"elementor-accordion-icon-closed\"><i class=\"fas fa-plus\"><\/i><\/span>\n\t\t\t\t\t\t\t\t<span class=\"elementor-accordion-icon-opened\"><i class=\"fas fa-minus\"><\/i><\/span>\n\t\t\t\t\t\t\t\t\t\t\t\t\t\t<\/span>\n\t\t\t\t\t\t\t\t\t\t\t\t<a class=\"elementor-accordion-title\" href=\"\">PEP!<\/a>\n\t\t\t\t\t<\/div>\n\t\t\t\t\t<div id=\"elementor-tab-content-32414\" class=\"elementor-tab-content elementor-clearfix\" data-tab=\"14\" role=\"tabpanel\" aria-labelledby=\"elementor-tab-title-32414\"><p>PEP ! Est le point de contact qui motive chaque jeune \u00e0 devenir la meilleure version d'eux-m\u00eames.<\/p><\/div>\n\t\t\t\t<\/div>\n\t\t\t\t\t\t\t<div class=\"elementor-accordion-item\">\n\t\t\t\t\t<div id=\"elementor-tab-title-32415\" class=\"elementor-tab-title\" data-tab=\"15\" role=\"tab\" aria-controls=\"elementor-tab-content-32415\">\n\t\t\t\t\t\t\t\t\t\t\t\t\t<span class=\"elementor-accordion-icon elementor-accordion-icon-left\" aria-hidden=\"true\">\n\t\t\t\t\t\t\t\t\t\t\t\t\t\t\t<span class=\"elementor-accordion-icon-closed\"><i class=\"fas fa-plus\"><\/i><\/span>\n\t\t\t\t\t\t\t\t<span class=\"elementor-accordion-icon-opened\"><i class=\"fas fa-minus\"><\/i><\/span>\n\t\t\t\t\t\t\t\t\t\t\t\t\t\t<\/span>\n\t\t\t\t\t\t\t\t\t\t\t\t<a class=\"elementor-accordion-title\" href=\"\">Port of Antwerp-Bruges<\/a>\n\t\t\t\t\t<\/div>\n\t\t\t\t\t<div id=\"elementor-tab-content-32415\" class=\"elementor-tab-content elementor-clearfix\" data-tab=\"15\" role=\"tabpanel\" aria-labelledby=\"elementor-tab-title-32415\"><p>Avec un transbordement total de 278 millions de tonnes par an, le Port d\u2019Anvers-Bruges occupe un v\u00e9ritable r\u00f4le de plaque tournante dans le commerce et l'industrie dans le monde. Le port est un lien crucial pour la manutention de conteneurs, le trafic de breakbulk et le transbordement de v\u00e9hicules. En outre, le port d'Anvers-Bruges - avec 147 millions de tonnes\/an - est le premier port d'exportation d'Europe. Il est le point d'attache de 1400 entreprises et il abrite le plus grand p\u00f4le d'activit\u00e9 chimique int\u00e9gr\u00e9 en Europe. Le port g\u00e9n\u00e8re, directement et indirectement, un total de 164 000 emplois et une valeur ajout\u00e9e de 21 milliards d'euros.<\/p>\n<p>Le Port d\u2019Anvers-Bruges ne cache pas ses ambitions : s'imposer comme le premier port mondial r\u00e9conciliant l'\u00e9conomie, l'homme et l'environnement. Le port veut non seulement poursuivre sa trajectoire de croissance durable, mais aussi utiliser sa position unique de centre logistique, maritime et industriel pour initier la transition vers une \u00e9conomie circulaire \u00e0 faibles \u00e9missions de CO2. En collaboration avec la communaut\u00e9 portuaire, ses clients et d'autres partenaires, il recherche activement des solutions innovantes en vue d'assurer un avenir durable. La responsabilit\u00e9 \u00e0 l'\u00e9gard de l'environnement, et par extension, de la soci\u00e9t\u00e9, repr\u00e9sente une priorit\u00e9 majeure.<\/p><\/div>\n\t\t\t\t<\/div>\n\t\t\t\t\t\t\t<div class=\"elementor-accordion-item\">\n\t\t\t\t\t<div id=\"elementor-tab-title-32416\" class=\"elementor-tab-title\" data-tab=\"16\" role=\"tab\" aria-controls=\"elementor-tab-content-32416\">\n\t\t\t\t\t\t\t\t\t\t\t\t\t<span class=\"elementor-accordion-icon elementor-accordion-icon-left\" aria-hidden=\"true\">\n\t\t\t\t\t\t\t\t\t\t\t\t\t\t\t<span class=\"elementor-accordion-icon-closed\"><i class=\"fas fa-plus\"><\/i><\/span>\n\t\t\t\t\t\t\t\t<span class=\"elementor-accordion-icon-opened\"><i class=\"fas fa-minus\"><\/i><\/span>\n\t\t\t\t\t\t\t\t\t\t\t\t\t\t<\/span>\n\t\t\t\t\t\t\t\t\t\t\t\t<a class=\"elementor-accordion-title\" href=\"\">Sparkoh!<\/a>\n\t\t\t\t\t<\/div>\n\t\t\t\t\t<div id=\"elementor-tab-content-32416\" class=\"elementor-tab-content elementor-clearfix\" data-tab=\"16\" role=\"tabpanel\" aria-labelledby=\"elementor-tab-title-32416\"><p>\u00c0 travers des expositions interactives et par le biais d\u2019animations misant sur la m\u00e9diation humaine, SPARKOH! (anciennement le Pass) tente d\u2019\u00e9veiller la curiosit\u00e9 et de susciter le questionnement autour de th\u00e9matiques li\u00e9es aux sciences et aux techniques, ancr\u00e9es dans les th\u00e8mes de soci\u00e9t\u00e9.\n\nDonner \u00e0 chacun, et aux jeunes en particulier, le go\u00fbt des sciences et des technologies, leur proposer des outils pour comprendre le monde dans sa complexit\u00e9: telles sont les missions du SPARKOH!.\n\nLes sciences et les technologies sont partout autour de nous. Elles se m\u00ealent \u00e0 notre vie, qu\u2019on le veuille ou non. <a href=\"http:\/\/www.sparkoh.be\">www.sparkoh.be<\/a><\/p><\/div>\n\t\t\t\t<\/div>\n\t\t\t\t\t\t\t<div class=\"elementor-accordion-item\">\n\t\t\t\t\t<div id=\"elementor-tab-title-32417\" class=\"elementor-tab-title\" data-tab=\"17\" role=\"tab\" aria-controls=\"elementor-tab-content-32417\">\n\t\t\t\t\t\t\t\t\t\t\t\t\t<span class=\"elementor-accordion-icon elementor-accordion-icon-left\" aria-hidden=\"true\">\n\t\t\t\t\t\t\t\t\t\t\t\t\t\t\t<span class=\"elementor-accordion-icon-closed\"><i class=\"fas fa-plus\"><\/i><\/span>\n\t\t\t\t\t\t\t\t<span class=\"elementor-accordion-icon-opened\"><i class=\"fas fa-minus\"><\/i><\/span>\n\t\t\t\t\t\t\t\t\t\t\t\t\t\t<\/span>\n\t\t\t\t\t\t\t\t\t\t\t\t<a class=\"elementor-accordion-title\" href=\"\">STEM-platform<\/a>\n\t\t\t\t\t<\/div>\n\t\t\t\t\t<div id=\"elementor-tab-content-32417\" class=\"elementor-tab-content elementor-clearfix\" data-tab=\"17\" role=\"tabpanel\" aria-labelledby=\"elementor-tab-title-32417\"><p><!-- wp:paragraph --><\/p><p>La platforme STEM a \u00e9t\u00e9 fond\u00e9e par le gouvernement flamand en tant qu'organe consultatif pour le plan d'action STEM et toutes les questions relatives aux STEM.\u00a0\u00a0<\/p><p><!-- \/wp:paragraph --> <!-- wp:paragraph --><\/p><p>Il s'agit d'un groupe d'experts ind\u00e9pendants, nomm\u00e9s par le gouvernement flamand, qui utilisent leurs connaissances, leur exp\u00e9rience et leur r\u00e9seau. Ils proposent des objectifs et des actions concr\u00e8tes, sugg\u00e8rent des priorit\u00e9s, travaillent sur des partenariats, et soutiennent et contr\u00f4lent la continuit\u00e9 et l'ancrage structurel. Ils supervisent la mise en \u0153uvre int\u00e9gr\u00e9e du plan d'action STEM afin d'\u00e9viter que des actions soient mises en place sans coh\u00e9rence et coordination.<\/p><p><!-- \/wp:paragraph --><\/p><\/div>\n\t\t\t\t<\/div>\n\t\t\t\t\t\t\t<div class=\"elementor-accordion-item\">\n\t\t\t\t\t<div id=\"elementor-tab-title-32418\" class=\"elementor-tab-title\" data-tab=\"18\" role=\"tab\" aria-controls=\"elementor-tab-content-32418\">\n\t\t\t\t\t\t\t\t\t\t\t\t\t<span class=\"elementor-accordion-icon elementor-accordion-icon-left\" aria-hidden=\"true\">\n\t\t\t\t\t\t\t\t\t\t\t\t\t\t\t<span class=\"elementor-accordion-icon-closed\"><i class=\"fas fa-plus\"><\/i><\/span>\n\t\t\t\t\t\t\t\t<span class=\"elementor-accordion-icon-opened\"><i class=\"fas fa-minus\"><\/i><\/span>\n\t\t\t\t\t\t\t\t\t\t\t\t\t\t<\/span>\n\t\t\t\t\t\t\t\t\t\t\t\t<a class=\"elementor-accordion-title\" href=\"\">Technopolis<\/a>\n\t\t\t\t\t<\/div>\n\t\t\t\t\t<div id=\"elementor-tab-content-32418\" class=\"elementor-tab-content elementor-clearfix\" data-tab=\"18\" role=\"tabpanel\" aria-labelledby=\"elementor-tab-title-32418\"><p><!-- wp:paragraph --><\/p><p>La mission de Technopolis est de fasciner tout le monde avec la science et la technologie. Il le fait non seulement dans le centre de bricolage bien connu, mais aussi par le biais de toutes sortes d'activit\u00e9s bien au-del\u00e0 et - certainement ces derni\u00e8res ann\u00e9es - en ligne. En publiant quotidiennement de nouveaux hacks, des faits int\u00e9ressants et des exp\u00e9riences spectaculaires sur les m\u00e9dias sociaux, Technopolis a cr\u00e9\u00e9 une communaut\u00e9 en ligne de fid\u00e8les abonn\u00e9s qui s'est incroyablement diversifi\u00e9e ces derni\u00e8res ann\u00e9es.<\/p><p><!-- \/wp:paragraph --> <!-- wp:paragraph --><\/p><p>Cependant, l'ambition de Technopolis va encore plus loin. Technopolis veut planter une graine dans l'esprit des enfants et des jeunes confront\u00e9s \u00e0 des choix d'\u00e9tudes importants et leur donner subtilement un coup de pouce vers des \u00e9tudes et des emplois dans le domaine des STEM. La premi\u00e8re \u00e9tape consiste \u00e0 les convaincre de la valeur sociale des STEM et des perspectives d'avenir que leur offrent les cours de STEM.<\/p><p><!-- \/wp:paragraph --> <!-- wp:paragraph --><\/p><p>Technopolis met donc tout en oeuvre pour mettre le plus grand nombre possible d'enfants et de jeunes en contact avec de v\u00e9ritables mod\u00e8les qui montrent tr\u00e8s concr\u00e8tement comment ils utilisent les STEM au quotidien pour un avenir plus durable.<\/p><p><!-- \/wp:paragraph --><\/p><\/div>\n\t\t\t\t<\/div>\n\t\t\t\t\t\t\t<div class=\"elementor-accordion-item\">\n\t\t\t\t\t<div id=\"elementor-tab-title-32419\" class=\"elementor-tab-title\" data-tab=\"19\" role=\"tab\" aria-controls=\"elementor-tab-content-32419\">\n\t\t\t\t\t\t\t\t\t\t\t\t\t<span class=\"elementor-accordion-icon elementor-accordion-icon-left\" aria-hidden=\"true\">\n\t\t\t\t\t\t\t\t\t\t\t\t\t\t\t<span class=\"elementor-accordion-icon-closed\"><i class=\"fas fa-plus\"><\/i><\/span>\n\t\t\t\t\t\t\t\t<span class=\"elementor-accordion-icon-opened\"><i class=\"fas fa-minus\"><\/i><\/span>\n\t\t\t\t\t\t\t\t\t\t\t\t\t\t<\/span>\n\t\t\t\t\t\t\t\t\t\t\t\t<a class=\"elementor-accordion-title\" href=\"\">TotalEnergies<\/a>\n\t\t\t\t\t<\/div>\n\t\t\t\t\t<div id=\"elementor-tab-content-32419\" class=\"elementor-tab-content elementor-clearfix\" data-tab=\"19\" role=\"tabpanel\" aria-labelledby=\"elementor-tab-title-32419\"><p class=\" translation-block\">TotalEnergies est une compagnie multi-\u00e9nergies mondiale de production et de fourniture d\u2019\u00e9nergies: p\u00e9trole  et  biocarburants,  gaz  naturel  et  gaz  verts,  renouvelables   et   \u00e9lectricit\u00e9.   Ses   105  000 collaborateurs s'engagent pour une \u00e9nergie toujours plus abordable, propre, fiable et accessible au plus grand nombre. Pr\u00e9sent dans plus de 130 pays, TotalEnergies inscrit le d\u00e9veloppement durable dans toutes  ses  dimensions  au  c\u0153ur  de  ses  projets  et  op\u00e9rations  pour  contribuer  au  bien-\u00eatre  des populations.<\/p>\n<p><!-- \/wp:paragraph --><\/p><\/div>\n\t\t\t\t<\/div>\n\t\t\t\t\t\t\t<div class=\"elementor-accordion-item\">\n\t\t\t\t\t<div id=\"elementor-tab-title-32420\" class=\"elementor-tab-title\" data-tab=\"20\" role=\"tab\" aria-controls=\"elementor-tab-content-32420\">\n\t\t\t\t\t\t\t\t\t\t\t\t\t<span class=\"elementor-accordion-icon elementor-accordion-icon-left\" aria-hidden=\"true\">\n\t\t\t\t\t\t\t\t\t\t\t\t\t\t\t<span class=\"elementor-accordion-icon-closed\"><i class=\"fas fa-plus\"><\/i><\/span>\n\t\t\t\t\t\t\t\t<span class=\"elementor-accordion-icon-opened\"><i class=\"fas fa-minus\"><\/i><\/span>\n\t\t\t\t\t\t\t\t\t\t\t\t\t\t<\/span>\n\t\t\t\t\t\t\t\t\t\t\t\t<a class=\"elementor-accordion-title\" href=\"\">UCB<\/a>\n\t\t\t\t\t<\/div>\n\t\t\t\t\t<div id=\"elementor-tab-content-32420\" class=\"elementor-tab-content elementor-clearfix\" data-tab=\"20\" role=\"tabpanel\" aria-labelledby=\"elementor-tab-title-32420\"><p class=\" translation-block\">UCB est une entreprise biopharmaceutique mondiale dont le si\u00e8ge est situ\u00e9 en\nBelgique, engag\u00e9e \u00e0 am\u00e9liorer la qualit\u00e9 de vie des personnes vivant avec des\nmaladies graves.<\/p>\n<p class=\" translation-block\">En tant que partenaire de confiance dans le domaine de la sant\u00e9, UCB s\u2019engage pour\nl\u2019excellence scientifique, l\u2019innovation durable et une approche centr\u00e9e sur le patient.<\/p>\n<p class=\" translation-block\">Chez UCB, nous croyons fermement que l\u2019innovation commence par l\u2019inspiration.\nC\u2019est pourquoi nous avons d\u00e9cid\u00e9 de soutenir activement le projet Da\u2019s Geniaal \/\nC\u2019est G\u00e9nial, une initiative ambitieuse pour encourager les jeunes g\u00e9n\u00e9rations \u00e0\nexplorer les fili\u00e8res STEM (Science, Technology, Engineering, Mathematics), mais\naussi Manufacturing et Design.<\/p>\n<p class=\" translation-block\">Ce projet refl\u00e8te notre engagement \u00e0 valoriser les talents locaux, \u00e0 renforcer\nl\u2019attractivit\u00e9 des carri\u00e8res scientifiques et \u00e0 favoriser l\u2019inclusion d\u00e8s le plus\njeune \u00e2ge.<\/p><\/div>\n\t\t\t\t<\/div>\n\t\t\t\t\t<\/div>\n\t\t\t\t<\/div>\n\t\t\t\t<\/div>\n\t\t\t\t\t\t<\/div>\n\t\t\t\t\t<\/div>\n\t\t<\/div>\n\t\t\t\t<div class=\"elementor-column elementor-col-33 elementor-top-column elementor-element elementor-element-c753a1b\" data-id=\"c753a1b\" data-element_type=\"column\">\n\t\t\t<div class=\"elementor-column-wrap\">\n\t\t\t\t\t\t\t<div class=\"elementor-widget-wrap\">\n\t\t\t\t\t\t\t\t<\/div>\n\t\t\t\t\t<\/div>\n\t\t<\/div>\n\t\t\t\t\t\t\t\t<\/div>\n\t\t\t\t\t<\/div>\n\t\t<\/section>\n\t\t\t\t\t\t<\/div>\n\t\t\t\t\t\t<\/div>\n\t\t\t\t\t<\/div>\n\t\t<div class=\"clearfix\"><\/div>","protected":false},"excerpt":{"rendered":"<p>Onze partners BASF Meer dan 50 jaar geleden vestigde BASF zich in de haven van&#8230;<\/p>","protected":false},"author":1,"featured_media":0,"parent":0,"menu_order":0,"comment_status":"closed","ping_status":"closed","template":"elementor_header_footer","meta":{"spay_email":""},"yoast_head":"<!-- This site is optimized with the Yoast SEO plugin v15.3 - https:\/\/yoast.com\/wordpress\/plugins\/seo\/ -->\n<title>Onze partners - Da&#039;s Geniaal!<\/title>\n<meta name=\"robots\" content=\"index, follow, max-snippet:-1, max-image-preview:large, max-video-preview:-1\" \/>\n<link rel=\"canonical\" href=\"https:\/\/dasgeniaal.be\/fr\/onze-partners\/\" \/>\n<meta property=\"og:locale\" content=\"fr_FR\" \/>\n<meta property=\"og:type\" content=\"article\" \/>\n<meta property=\"og:title\" content=\"Onze partners - Da&#039;s Geniaal!\" \/>\n<meta property=\"og:description\" content=\"Onze partners BASF Meer dan 50 jaar geleden vestigde BASF zich in de haven van...\" \/>\n<meta property=\"og:url\" content=\"https:\/\/dasgeniaal.be\/fr\/onze-partners\/\" \/>\n<meta property=\"og:site_name\" content=\"Da&#039;s Geniaal!\" \/>\n<meta property=\"article:modified_time\" content=\"2025-11-12T19:51:23+00:00\" \/>\n<meta name=\"twitter:card\" content=\"summary_large_image\" \/>\n<meta name=\"twitter:label1\" content=\"\u00c9crit par\">\n\t<meta name=\"twitter:data1\" content=\"admin\">\n\t<meta name=\"twitter:label2\" content=\"Dur\u00e9e de lecture est.\">\n\t<meta name=\"twitter:data2\" content=\"8 minutes\">\n<script type=\"application\/ld+json\" class=\"yoast-schema-graph\">{\"@context\":\"https:\/\/schema.org\",\"@graph\":[{\"@type\":\"WebSite\",\"@id\":\"https:\/\/dasgeniaal.be\/#website\",\"url\":\"https:\/\/dasgeniaal.be\/\",\"name\":\"Da&#039;s Geniaal!\",\"description\":\"Ontdek hoe cool wetenschap en technologie wel kan zijn!\",\"potentialAction\":[{\"@type\":\"SearchAction\",\"target\":\"https:\/\/dasgeniaal.be\/?s={search_term_string}\",\"query-input\":\"required name=search_term_string\"}],\"inLanguage\":\"fr-FR\"},{\"@type\":\"WebPage\",\"@id\":\"https:\/\/dasgeniaal.be\/onze-partners\/#webpage\",\"url\":\"https:\/\/dasgeniaal.be\/onze-partners\/\",\"name\":\"Onze partners - Da&#039;s Geniaal!\",\"isPartOf\":{\"@id\":\"https:\/\/dasgeniaal.be\/#website\"},\"datePublished\":\"2020-11-20T17:19:28+00:00\",\"dateModified\":\"2025-11-12T19:51:23+00:00\",\"inLanguage\":\"fr-FR\",\"potentialAction\":[{\"@type\":\"ReadAction\",\"target\":[\"https:\/\/dasgeniaal.be\/onze-partners\/\"]}]}]}<\/script>\n<!-- \/ Yoast SEO plugin. -->","_links":{"self":[{"href":"https:\/\/dasgeniaal.be\/fr\/wp-json\/wp\/v2\/pages\/590"}],"collection":[{"href":"https:\/\/dasgeniaal.be\/fr\/wp-json\/wp\/v2\/pages"}],"about":[{"href":"https:\/\/dasgeniaal.be\/fr\/wp-json\/wp\/v2\/types\/page"}],"author":[{"embeddable":true,"href":"https:\/\/dasgeniaal.be\/fr\/wp-json\/wp\/v2\/users\/1"}],"replies":[{"embeddable":true,"href":"https:\/\/dasgeniaal.be\/fr\/wp-json\/wp\/v2\/comments?post=590"}],"version-history":[{"count":15,"href":"https:\/\/dasgeniaal.be\/fr\/wp-json\/wp\/v2\/pages\/590\/revisions"}],"predecessor-version":[{"id":2377,"href":"https:\/\/dasgeniaal.be\/fr\/wp-json\/wp\/v2\/pages\/590\/revisions\/2377"}],"wp:attachment":[{"href":"https:\/\/dasgeniaal.be\/fr\/wp-json\/wp\/v2\/media?parent=590"}],"curies":[{"name":"wp","href":"https:\/\/api.w.org\/{rel}","templated":true}]}}